{"id":106,"date":"2019-10-27T22:50:25","date_gmt":"2019-10-27T21:50:25","guid":{"rendered":"https:\/\/sp17.pl\/?page_id=106"},"modified":"2025-10-07T11:41:14","modified_gmt":"2025-10-07T09:41:14","slug":"spotkanie-z-rodzicami","status":"publish","type":"page","link":"https:\/\/sp17.pl\/?page_id=106","title":{"rendered":"Spotkania z rodzicami 2025\/2026"},"content":{"rendered":"\t\t<div data-elementor-type=\"wp-page\" data-elementor-id=\"106\" class=\"elementor elementor-106\" data-elementor-settings=\"[]\">\n\t\t\t\t\t\t<div class=\"elementor-inner\">\n\t\t\t\t\t\t\t<div class=\"elementor-section-wrap\">\n\t\t\t\t\t\t\t<section class=\"elementor-section elementor-top-section elementor-element elementor-element-5fb518b6 elementor-section-boxed elementor-section-height-default elementor-section-height-default\" data-id=\"5fb518b6\" data-element_type=\"section\">\n\t\t\t\t\t\t<div class=\"elementor-container elementor-column-gap-default\">\n\t\t\t\t\t\t\t<div class=\"elementor-row\">\n\t\t\t\t\t<div class=\"elementor-column elementor-col-100 elementor-top-column elementor-element elementor-element-7b0ae408\" data-id=\"7b0ae408\" data-element_type=\"column\">\n\t\t\t<div class=\"elementor-column-wrap elementor-element-populated\">\n\t\t\t\t\t\t\t<div class=\"elementor-widget-wrap\">\n\t\t\t\t\t\t<div class=\"elementor-element elementor-element-70b21a3 elementor-widget elementor-widget-text-editor\" data-id=\"70b21a3\" data-element_type=\"widget\" data-widget_type=\"text-editor.default\">\n\t\t\t\t<div class=\"elementor-widget-container\">\n\t\t\t\t\t<div class=\"elementor-text-editor elementor-clearfix\"><\/div>\n\t\t\t\t<\/div>\n\t\t\t\t<\/div>\n\t\t\t\t<div class=\"elementor-element elementor-element-69bc46a7 elementor-widget elementor-widget-text-editor\" data-id=\"69bc46a7\" data-element_type=\"widget\" data-widget_type=\"text-editor.default\">\n\t\t\t\t<div class=\"elementor-widget-container\">\n\t\t\t\t\t<div class=\"elementor-text-editor elementor-clearfix\"><h6><!-- wp:tadv\/classic-paragraph --><\/h6>\n<h4><strong><span style=\"font-size: 14pt; color: var(--ast-global-color-2); font-style: inherit; background-color: var(--ast-global-color-5);\">KALENDARZ SPOTKA\u0143 Z RODZICAMI W ROKU SZKOLNYM 2025\/2026<\/span><\/strong><\/h4>\n<table style=\"width: 100.172%; height: 1913px;\">\n<tbody>\n<tr style=\"height: 108px;\">\n<td style=\"height: 108px; width: 93.1406px;\">\n<p><b>MIESI\u0104C<\/b><\/p>\n<\/td>\n<td style=\"height: 108px; width: 144.219px;\">\n<p><b>DATA<\/b><\/p>\n<\/td>\n<td style=\"height: 108px; width: 344.641px;\">\n<p><b style=\"font-style: inherit;\">UWAGI<\/b><\/p>\n<\/td>\n<\/tr>\n<tr style=\"height: 366px;\">\n<td style=\"height: 366px; width: 93.1406px;\">\n<p><b>wrzesie\u0144<\/b><\/p>\n<\/td>\n<td style=\"height: 366px; width: 144.219px;\">\n<p style=\"font-weight: 400;\"><strong>15.09.2025r.<\/strong><\/p>\n<p style=\"font-weight: 400;\">godz.16.30<\/p>\n<p><span style=\"font-weight: 400;\">\u00a0<\/span><span style=\"font-style: inherit;\">godz.17.30<\/span><\/p>\n<p><span style=\"font-weight: 400;\">\u00a0<\/span><strong style=\"font-style: inherit;\">15.09.2025 r.<\/strong><\/p>\n<p style=\"font-weight: 400;\">godz. 18.30 (\u015bwietlica)<\/p>\n<\/td>\n<td style=\"height: 366px; width: 344.641px;\">\n<p><span style=\"font-style: inherit;\">\u00a0<\/span><\/p>\n<p><span style=\"font-style: inherit;\">Zbiorowe spotkania rodzic\u00f3w klas <\/span><b style=\"font-style: inherit;\">I-IV<\/b><span style=\"font-style: inherit;\">.<\/span><\/p>\n<p><span style=\"font-style: inherit;\">Zbiorowe spotkanie dla rodzic\u00f3w klas <\/span><b style=\"font-style: inherit;\">V-VIII.<\/b><\/p>\n<p><span style=\"font-weight: 400;\">\u00a0<\/span><\/p>\n<p><span style=\"font-weight: 400;\">Zebranie Rady Rodzic\u00f3w (\u015bwietlica) \u2013 po jednym przedstawicielu klasy<\/span><\/p>\n<\/td>\n<\/tr>\n<tr style=\"height: 393px;\">\n<td style=\"height: 393px; width: 93.1406px;\">\n<p><b>grudzie\u0144<\/b><\/p>\n<\/td>\n<td style=\"height: 393px; width: 144.219px;\">\n<p style=\"font-weight: 400;\"><strong>15.12.2025 r.<\/strong><\/p>\n<p style=\"font-weight: 400;\"><span style=\"font-style: inherit;\">\u00a0<\/span><span style=\"font-style: inherit;\">g<\/span><span style=\"font-style: inherit;\">odz.17.30<\/span><\/p>\n<p><span style=\"font-weight: 400;\">\u00a0<\/span><span style=\"font-weight: 400;\">godz.16.30<\/span><\/p>\n<p>\u00a0<\/p>\n<p><b>\u00a0<\/b><\/p>\n<p><b>\u00a0<\/b><\/p>\n<p><b>\u00a0<\/b><\/p>\n<p><b>\u00a0<\/b><\/p>\n<p><b>kiermasz<\/b><\/p>\n<\/td>\n<td style=\"height: 393px; width: 344.641px;\">\n<p><span style=\"font-size: 1rem; font-style: inherit; font-weight: inherit;\">Zbiorowe spotkania rodzic\u00f3w klas<\/span><span style=\"font-size: 1rem; font-style: inherit; font-weight: inherit;\">\u00a0<\/span><span style=\"font-size: 1rem; font-style: inherit; font-weight: bold;\">I-IV<\/span><span style=\"font-size: 1rem; font-style: inherit; font-weight: inherit;\">.<\/span><\/p>\n<p><span style=\"font-style: inherit; font-weight: inherit;\">Zbiorowe spotkanie dla rodzic\u00f3w klas <\/span><b style=\"font-style: inherit;\">V-VIII.<\/b><\/p>\n<p><b style=\"font-style: inherit;\">Przedstawienie rodzicom informacji o uczniach zagro\u017conych ocen\u0105 niedostateczn\u0105 oraz propozycji pozosta\u0142ych ocen na I p\u00f3\u0142rocze (w dzienniku elektronicznym oraz pisemnie przez wychowawc\u00f3w:\u00a0<\/b><b style=\"font-style: inherit;\">miesi\u0105c przed rad\u0105 klasyfikacyjn\u0105).<\/b><\/p>\n<\/td>\n<\/tr>\n<tr style=\"height: 245px;\">\n<td style=\"height: 245px; width: 93.1406px;\">\n<p><b>stycze\u0144<\/b><\/p>\n<p><b>\u00a0<\/b><\/p>\n<\/td>\n<td style=\"height: 245px; width: 144.219px;\">\n<p><b>\u00a0<\/b><b>26-28.<\/b><b style=\"font-style: inherit;\">01.2026 r. <\/b><span style=\"font-style: inherit;\">od godz. 16.00<\/span><\/p>\n<p>26.01.2026r.\u00a0 <span style=\"font-style: inherit; font-weight: inherit;\">godz.17.30<\/span><\/p>\n<p><span style=\"font-style: inherit; font-weight: inherit;\">\u00a0<\/span><\/p>\n<\/td>\n<td style=\"height: 245px; width: 344.641px;\">\n<p><span style=\"font-weight: 400;\">\u00a0<\/span><\/p>\n<p><span style=\"font-style: inherit; font-weight: inherit;\">Konsultacje dla rodzic\u00f3w klas I-III, RUNy<\/span><span style=\"font-style: inherit;\">.<\/span><\/p>\n<p><span style=\"font-weight: 400;\">\u00a0<\/span><\/p>\n<p>Konsultacje dla rodzic\u00f3w klas IV-VIII<\/p>\n<p>\u00a0<\/p>\n<\/td>\n<\/tr>\n<tr style=\"height: 245px;\">\n<td style=\"height: 245px; width: 93.1406px;\">\n<p><b>marzec<\/b><\/p>\n<p>\u00a0<\/p>\n<p><b>\u00a0<\/b><\/p>\n<p><b>\u00a0<\/b><\/p>\n<p><b>\u00a0<\/b><\/p>\n<p>\u00a0<\/p>\n<p><b>maj<\/b><\/p>\n<\/td>\n<td style=\"height: 245px; width: 144.219px;\">\n<p><b>23.03.2026 r.<\/b><\/p>\n<p>godz. 16.30<\/p>\n<p><span style=\"font-style: inherit; font-weight: inherit;\">godz. 17.30<\/span><\/p>\n<p><span style=\"font-style: inherit;\">\u00a0<\/span><\/p>\n<p><span style=\"font-style: inherit;\"><b>kiermasz<\/b><\/span><\/p>\n<p>\u00a0<\/p>\n<p><span style=\"font-style: inherit;\"><b>25.05.2026 r.<\/b><\/span><\/p>\n<p><span style=\"font-style: inherit;\">godz. 16.30<\/span><\/p>\n<p><span style=\"font-style: inherit;\">godz. 17.30<\/span><\/p>\n<\/td>\n<td style=\"height: 245px; width: 344.641px;\">\n<p><span style=\"font-style: inherit; font-weight: inherit;\">Konsultacje dla rodzic\u00f3w klas V-VIII<\/span><\/p>\n<p>Konsultacje dla rodzic\u00f3w klas I-IV<\/p>\n<p>\u00a0<\/p>\n<p>\u00a0<\/p>\n<p>Konsultacje dla rodzic\u00f3w klas I-IV<\/p>\n<p><span style=\"font-style: inherit; font-weight: inherit;\">Konsultacje dla rodzic\u00f3w klas V-VIII<\/span><\/p>\n<\/td>\n<\/tr>\n<tr style=\"height: 229px;\">\n<td style=\"height: 229px; width: 93.1406px;\">\n<p><b>czerwiec<\/b><\/p>\n<p><b>\u00a0<\/b><\/p>\n<\/td>\n<td style=\"height: 229px; width: 144.219px;\">\n<p><b style=\"font-style: inherit;\">\u00a0<\/b><\/p>\n<p><b style=\"font-style: inherit;\">15-17.06.2026r.\u00a0 <\/b><span style=\"font-style: inherit; font-weight: inherit;\">od godz. 16.00<\/span><\/p>\n<p><b style=\"font-style: inherit;\">15.06.2026r.\u00a0 <\/b><span style=\"font-style: inherit; font-weight: inherit;\">godz.17.30<\/span><\/p>\n<p style=\"font-weight: 400;\">\u00a0<\/p>\n<p style=\"font-weight: 400;\">\u00a0<\/p>\n<\/td>\n<td style=\"height: 229px; width: 344.641px;\">\n<p><span style=\"font-style: inherit; font-weight: inherit;\">Zebrania dla rodzic\u00f3w klas I-III, RUNy<\/span><\/p>\n<p>\u00a0<\/p>\n<p><span style=\"font-style: inherit; font-weight: inherit;\">Zebrania dla rodzic\u00f3w klas IV-VIII<\/span><\/p>\n<\/td>\n<\/tr>\n<\/tbody>\n<\/table>\n<div>\u00a0<\/div>\n<div>Termin pisemnego powiadamiania rodzic\u00f3w o przewidywanych ocenach z<\/div>\n<div>poszczeg\u00f3lnych przedmiot\u00f3w oraz o ocenie z zachowania \u2013 1 miesi\u0105c przed<\/div>\n<div>\n<p>posiedzeniem rady klasyfikacyjnej &#8211; 29.12.2025 r. oraz 18.05.2026 r.<\/p>\n<\/div>\n<div>\n<p>Rada klasyfikacyjna: I p\u00f3\u0142rocze &#8211; 29.01.2026 r.<\/p>\n<\/div>\n<div>Rada klasyfikacyjna: II p\u00f3\u0142rocze &#8211; 18.06.2026 r.<\/div>\n<p>\u00a0<\/p>\n<p><!-- \/wp:tadv\/classic-paragraph --><\/p><\/div>\n\t\t\t\t<\/div>\n\t\t\t\t<\/div>\n\t\t\t\t\t\t<\/div>\n\t\t\t\t\t<\/div>\n\t\t<\/div>\n\t\t\t\t\t\t\t\t<\/div>\n\t\t\t\t\t<\/div>\n\t\t<\/section>\n\t\t\t\t\t\t<\/div>\n\t\t\t\t\t\t<\/div>\n\t\t\t\t\t<\/div>\n\t\t","protected":false},"excerpt":{"rendered":"<p>KALENDARZ SPOTKA\u0143 Z RODZICAMI W ROKU SZKOLNYM 2025\/2026 MIESI\u0104C DATA UWAGI wrzesie\u0144 15.09.2025r. godz.16.30 \u00a0godz.17.30 \u00a015.09.2025 r. godz. 18.30 (\u015bwietlica) \u00a0 Zbiorowe spotkania rodzic\u00f3w klas I-IV. Zbiorowe spotkanie dla rodzic\u00f3w klas V-VIII. \u00a0 Zebranie Rady Rodzic\u00f3w (\u015bwietlica) \u2013 po jednym przedstawicielu klasy grudzie\u0144 15.12.2025 r. \u00a0godz.17.30 \u00a0godz.16.30 \u00a0 \u00a0 \u00a0 \u00a0 \u00a0 kiermasz Zbiorowe spotkania &hellip;<\/p>\n<p class=\"read-more\"> <a class=\"\" href=\"https:\/\/sp17.pl\/?page_id=106\"> <span class=\"screen-reader-text\">Spotkania z rodzicami 2025\/2026<\/span> Czytaj wi\u0119cej<\/a><\/p>\n","protected":false},"author":1,"featured_media":0,"parent":0,"menu_order":5,"comment_status":"closed","ping_status":"closed","template":"","meta":{"ngg_post_thumbnail":0,"site-sidebar-layout":"default","site-content-layout":"","ast-site-content-layout":"","site-content-style":"default","site-sidebar-style":"default","ast-global-header-display":"","ast-banner-title-visibility":"","ast-main-header-display":"","ast-hfb-above-header-display":"","ast-hfb-below-header-display":"","ast-hfb-mobile-header-display":"","site-post-title":"","ast-breadcrumbs-content":"","ast-featured-img":"","footer-sml-layout":"","theme-transparent-header-meta":"","adv-header-id-meta":"","stick-header-meta":"","header-above-stick-meta":"","header-main-stick-meta":"","header-below-stick-meta":"","astra-migrate-meta-layouts":"default","ast-page-background-enabled":"default","ast-page-background-meta":{"desktop":{"background-color":"var(--ast-global-color-4)","background-image":"","background-repeat":"repeat","background-position":"center center","background-size":"auto","background-attachment":"scroll","background-type":"","background-media":"","overlay-type":"","overlay-color":"","overlay-gradient":""},"tablet":{"background-color":"","background-image":"","background-repeat":"repeat","background-position":"center center","background-size":"auto","background-attachment":"scroll","background-type":"","background-media":"","overlay-type":"","overlay-color":"","overlay-gradient":""},"mobile":{"background-color":"","background-image":"","background-repeat":"repeat","background-position":"center center","background-size":"auto","background-attachment":"scroll","background-type":"","background-media":"","overlay-type":"","overlay-color":"","overlay-gradient":""}},"ast-content-background-meta":{"desktop":{"background-color":"var(--ast-global-color-5)","background-image":"","background-repeat":"repeat","background-position":"center center","background-size":"auto","background-attachment":"scroll","background-type":"","background-media":"","overlay-type":"","overlay-color":"","overlay-gradient":""},"tablet":{"background-color":"var(--ast-global-color-5)","background-image":"","background-repeat":"repeat","background-position":"center center","background-size":"auto","background-attachment":"scroll","background-type":"","background-media":"","overlay-type":"","overlay-color":"","overlay-gradient":""},"mobile":{"background-color":"var(--ast-global-color-5)","background-image":"","background-repeat":"repeat","background-position":"center center","background-size":"auto","background-attachment":"scroll","background-type":"","background-media":"","overlay-type":"","overlay-color":"","overlay-gradient":""}},"footnotes":""},"_links":{"self":[{"href":"https:\/\/sp17.pl\/index.php?rest_route=\/wp\/v2\/pages\/106"}],"collection":[{"href":"https:\/\/sp17.pl\/index.php?rest_route=\/wp\/v2\/pages"}],"about":[{"href":"https:\/\/sp17.pl\/index.php?rest_route=\/wp\/v2\/types\/page"}],"author":[{"embeddable":true,"href":"https:\/\/sp17.pl\/index.php?rest_route=\/wp\/v2\/users\/1"}],"replies":[{"embeddable":true,"href":"https:\/\/sp17.pl\/index.php?rest_route=%2Fwp%2Fv2%2Fcomments&post=106"}],"version-history":[{"count":47,"href":"https:\/\/sp17.pl\/index.php?rest_route=\/wp\/v2\/pages\/106\/revisions"}],"predecessor-version":[{"id":11908,"href":"https:\/\/sp17.pl\/index.php?rest_route=\/wp\/v2\/pages\/106\/revisions\/11908"}],"wp:attachment":[{"href":"https:\/\/sp17.pl\/index.php?rest_route=%2Fwp%2Fv2%2Fmedia&parent=106"}],"curies":[{"name":"wp","href":"https:\/\/api.w.org\/{rel}","templated":true}]}}