{"id":3029,"date":"2020-10-08T13:14:32","date_gmt":"2020-10-08T11:14:32","guid":{"rendered":"https:\/\/sp17.pl\/?page_id=3029"},"modified":"2025-10-09T12:25:01","modified_gmt":"2025-10-09T10:25:01","slug":"harmonogram-roku-szkolnego-2020-2021","status":"publish","type":"page","link":"https:\/\/sp17.pl\/?page_id=3029","title":{"rendered":"Harmonogram Roku Szkolnego 2025\/2026"},"content":{"rendered":"\t\t<div data-elementor-type=\"wp-page\" data-elementor-id=\"3029\" class=\"elementor elementor-3029\" data-elementor-settings=\"[]\">\n\t\t\t\t\t\t<div class=\"elementor-inner\">\n\t\t\t\t\t\t\t<div class=\"elementor-section-wrap\">\n\t\t\t\t\t\t\t<section class=\"elementor-section elementor-top-section elementor-element elementor-element-572cb83a elementor-section-boxed elementor-section-height-default elementor-section-height-default\" data-id=\"572cb83a\" data-element_type=\"section\">\n\t\t\t\t\t\t<div class=\"elementor-container elementor-column-gap-default\">\n\t\t\t\t\t\t\t<div class=\"elementor-row\">\n\t\t\t\t\t<div class=\"elementor-column elementor-col-100 elementor-top-column elementor-element elementor-element-68506493\" data-id=\"68506493\" data-element_type=\"column\">\n\t\t\t<div class=\"elementor-column-wrap elementor-element-populated\">\n\t\t\t\t\t\t\t<div class=\"elementor-widget-wrap\">\n\t\t\t\t\t\t<div class=\"elementor-element elementor-element-7893d762 elementor-widget elementor-widget-text-editor\" data-id=\"7893d762\" data-element_type=\"widget\" data-widget_type=\"text-editor.default\">\n\t\t\t\t<div class=\"elementor-widget-container\">\n\t\t\t\t\t<div class=\"elementor-text-editor elementor-clearfix\"><p><!-- wp:tadv\/classic-paragraph --><\/p>\n<h3><strong>Kalendarz<\/strong><b> roku szkolnego 2025\/2026<\/b><\/h3>\n<ul>\n<li>\u00a0 \u00a0 \u00a0 01.09.2025 r. \u2013 rozpocz\u0119cie roku szkolnego<\/li>\n<li>\u00a0 \u00a0 \u00a0 22 \u2013 31.12.2025 r. \u2013 zimowa przerwa \u015bwi\u0105teczna<\/li>\n<li>\u00a0 \u00a0 \u00a0 16.02 \u2013 01.03.2026 r. \u2013 ferie zimowe<\/li>\n<\/ul>\n<h3><b>\u00a030.01.2026 koniec I semestru 2025\/2026<\/b><\/h3>\n<ul>\n<li>\u00a0 \u00a0 \u00a0 02.04 \u2013 07.04.2026 r. \u2013 wiosenna przerwa \u015bwi\u0105teczna<\/li>\n<li>\u00a0 \u00a0 \u00a0 11.05.2026 r. \u2013 egzamin \u00f3smoklasisty<br \/><strong>\u2013 j\u0119zyk polski:\u00a0<\/strong> <strong>godz. 9:00<\/strong><\/li>\n<li>\u00a0 \u00a0 \u00a0 12.05.2026 r. \u2013 egzamin \u00f3smoklasisty<br \/><strong>\u2013 matematyka: godz.\u00a0 9:00<\/strong><\/li>\n<li>\u00a0 \u00a0 \u00a013.05.2026 r. \u2013 egzamin \u00f3smoklasisty<br \/><strong>\u2013 j\u0119zyk obcy nowo\u017cytny: godz.\u00a0 9:00\u00a0 \u00a0 \u00a0 \u00a0 \u00a0 \u00a0 \u00a0 \u00a0 \u00a0 \u00a0 \u00a0 \u00a0 \u00a0 \u00a0 \u00a0 \u00a0 \u00a0 \u00a0 \u00a0 \u00a0 \u00a0 \u00a0 \u00a0 \u00a0 \u00a0 \u00a0 \u00a0<\/strong><\/li>\n<li><span style=\"font-style: inherit;\">08.06.2026 r. \u2013 egzamin w terminie dodatkowym \u2013 j\u0119zyk polski: godz. 9.00\u00a0<\/span><\/li>\n<li><span style=\"font-style: inherit;\">09.06.2026 r. \u2013 egzamin w terminie dodatkowym \u2013 matematyka: godz. 9.00\u00a0<\/span><\/li>\n<li><span style=\"font-style: inherit;\">10.06.2026 r. \u2013 egzamin w terminie dodatkowym \u2013 j\u0119zyk obcy nowo\u017cytny: godz. 9.00<\/span><\/li>\n<li>26.06.2026 r. \u2013 zako\u0144czenie zaj\u0119\u0107 dydaktyczno-wychowawczych<\/li>\n<li>28.06. \u2013 31.08.2026 r. \u2013 ferie letnie<\/li>\n<li>31.08.2026 r.\u2013 zako\u0144czenie roku szkolnego<\/li>\n<\/ul>\n<h3><b>Dodatkowe dni wolne od nauki<\/b><\/h3>\n<ul>\n<li>14.10.2025 r. \u2013 wtorek, Dzie\u0144 Edukacji Narodowej<\/li>\n<li>02.01.2026 r. \u2013 pi\u0105tek po Nowym Roku<\/li>\n<li>05.01.2026 r. \u2013 poniedzia\u0142ek przed \u015awi\u0119tem Trzech Kr\u00f3li<\/li>\n<li>29.04.2026 r. \u2013 \u015broda, d\u0142ugi weekend majowy<\/li>\n<li>30.04.2026 r. \u2013 czwartek, d\u0142ugi weekend majowy<\/li>\n<li>11.05.2026 r. \u2013 poniedzia\u0142ek, egzamin \u00f3smoklasisty<\/li>\n<li>12.05.2026 r. \u2013 wtorek, egzamin \u00f3smoklasisty<\/li>\n<li>13.05.2026 r. \u2013 \u015broda, egzamin \u00f3smoklasisty<\/li>\n<li>05.06.2026 r. \u2013 pi\u0105tek, dzie\u0144 po Bo\u017cym Ciele<\/li>\n<\/ul>\n<div>\u00a0<\/div>\n<h3><strong>Terminy wystawiania ocen na I semestr i na koniec roku<\/strong><\/h3>\n<div>\n<ul>\n<li>\u00a0I semestr \u2013 27.01.2026 r.<\/li>\n<li>\u00a0II semestr i koniec roku \u2013 15.06.2026 r.<\/li>\n<\/ul>\n<div>\u00a0<\/div>\n<div>\n<h3><strong>Posiedzenia klasyfikacyjne Rady Pedagogicznej<\/strong><\/h3>\n<div>\u00a0<\/div>\n<ul>\n<li>\u00a029.01.2026 r. \u2013 na zako\u0144czenie I sem. roku szkolnego 2025\/2026 (czwartek)<\/li>\n<li>18.06.2026 r. \u2013 II semestr i ca\u0142y rok (czwartek)<\/li>\n<\/ul>\n<div>\u00a0<\/div>\n<h3><strong>Terminy pisemnego powiadamiania rodzic\u00f3w o gro\u017c\u0105cych uczniom ocenach\u00a0<\/strong><strong style=\"font-size: 1.625rem; font-style: inherit;\">niedostatecznych (miesi\u0105c przed posiedzeniem rady klasyfikacyjnej)<\/strong><\/h3>\n<ul>\n<li>29.12.2025 r. \u2013 w dzienniku elektron. oraz pisemnie od wychowawc\u00f3w<\/li>\n<li>18.05.2026 r. \u2013 w dzienniku elektron. oraz pisemnie od wychowawc\u00f3w<\/li>\n<\/ul>\n<div>\u00a0<\/div>\n<h3><strong>Terminy pisemnego powiadamiania rodzic\u00f3w o przewidywanych ocenach klasyfikacyjnych i<\/strong> <strong>ocenie z zachowania (miesi\u0105c przed posiedzeniem rady klasyfikacyjnej)<\/strong><\/h3>\n<ul>\n<li>29.12.2025 r. \u2013 w dzienniku elektron. i pisemnie<\/li>\n<li>18.05.2026 r. \u2013 w dzienniku elektron. i pisemnie<\/li>\n<\/ul>\n<div>\u00a0<\/div>\n<h3><strong>Posiedzenia podsumowuj\u0105ce I semestr i ca\u0142y rok szkolny<\/strong><\/h3>\n<ul>\n<li>\u00a005.02.2026 r. \u2013 podsumowanie pracy w I semestrze (czwartek)<\/li>\n<li>26.06.2026 r. \u2013 podsumowanie pracy ca\u0142orocznej (pi\u0105tek)<\/li>\n<\/ul>\n<div>\u00a0<\/div>\n<h3><strong>Zebrania z rodzicami i konsultacje indywidualne<\/strong><\/h3>\n<ul>\n<li>15 wrze\u015bnia 2025 r. \u2013 zebranie (poniedzia\u0142ek)<\/li>\n<li>15 grudnia 2025 r. \u2013 zabranie, kiermasz (poniedzia\u0142ek)<\/li>\n<li>26 \u2013 28 stycznia 2026 r. \u2013 klasy 1-3 konsultacje RUNy (poniedzia\u0142ek \u2013 \u015broda)<\/li>\n<li>\n<h6><span style=\"font-style: inherit; font-weight: inherit; color: #7a7a7a; font-family: Roboto;\">26 stycznia 2026 r. \u2013 klasy 4-8 konsultacje (poniedzia\u0142ek)\u00a0 \u00a0 \u00a0 \u00a0 \u00a0 \u00a0 \u00a0 \u00a0 \u00a0 \u00a0 \u00a0 \u00a0 \u00a0 \u00a0 \u00a0 \u00a0\u00a0<\/span><strong style=\"font-style: inherit; color: #7a7a7a; font-family: Roboto; font-size: 1.2em;\">30 stycznia 2026 r. \u2013 koniec pierwszego semestru<\/strong><\/h6>\n<\/li>\n<\/ul>\n<ul>\n<li>23 marca 2026 r. \u2013 konsultacje, kiermasz (poniedzia\u0142ek)<\/li>\n<li>25 maja 2026 r. \u2013 konsultacje (poniedzia\u0142ek)<\/li>\n<li>15 \u2013 17 czerwca 2026 r. \u2013 klasy 1-3 zebrania RUNy (poniedzia\u0142ek \u2013 \u015broda)<\/li>\n<li>15 czerwca 2026 r. \u2013 klasy 4-8 zebrania (poniedzia\u0142ek)<\/li>\n<\/ul>\n<\/div>\n<\/div>\n<p><!-- \/wp:tadv\/classic-paragraph --><\/p><\/div>\n\t\t\t\t<\/div>\n\t\t\t\t<\/div>\n\t\t\t\t\t\t<\/div>\n\t\t\t\t\t<\/div>\n\t\t<\/div>\n\t\t\t\t\t\t\t\t<\/div>\n\t\t\t\t\t<\/div>\n\t\t<\/section>\n\t\t\t\t\t\t<\/div>\n\t\t\t\t\t\t<\/div>\n\t\t\t\t\t<\/div>\n\t\t","protected":false},"excerpt":{"rendered":"<p>Kalendarz roku szkolnego 2025\/2026 \u00a0 \u00a0 \u00a0 01.09.2025 r. \u2013 rozpocz\u0119cie roku szkolnego \u00a0 \u00a0 \u00a0 22 \u2013 31.12.2025 r. \u2013 zimowa przerwa \u015bwi\u0105teczna \u00a0 \u00a0 \u00a0 16.02 \u2013 01.03.2026 r. \u2013 ferie zimowe \u00a030.01.2026 koniec I semestru 2025\/2026 \u00a0 \u00a0 \u00a0 02.04 \u2013 07.04.2026 r. \u2013 wiosenna przerwa \u015bwi\u0105teczna \u00a0 \u00a0 \u00a0 11.05.2026 r. &hellip;<\/p>\n<p class=\"read-more\"> <a class=\"\" href=\"https:\/\/sp17.pl\/?page_id=3029\"> <span class=\"screen-reader-text\">Harmonogram Roku Szkolnego 2025\/2026<\/span> Czytaj wi\u0119cej<\/a><\/p>\n","protected":false},"author":1,"featured_media":0,"parent":0,"menu_order":0,"comment_status":"closed","ping_status":"closed","template":"","meta":{"ngg_post_thumbnail":0,"site-sidebar-layout":"default","site-content-layout":"","ast-site-content-layout":"","site-content-style":"default","site-sidebar-style":"default","ast-global-header-display":"","ast-banner-title-visibility":"","ast-main-header-display":"","ast-hfb-above-header-display":"","ast-hfb-below-header-display":"","ast-hfb-mobile-header-display":"","site-post-title":"","ast-breadcrumbs-content":"","ast-featured-img":"","footer-sml-layout":"","theme-transparent-header-meta":"","adv-header-id-meta":"","stick-header-meta":"","header-above-stick-meta":"","header-main-stick-meta":"","header-below-stick-meta":"","astra-migrate-meta-layouts":"default","ast-page-background-enabled":"default","ast-page-background-meta":{"desktop":{"background-color":"var(--ast-global-color-4)","background-image":"","background-repeat":"repeat","background-position":"center center","background-size":"auto","background-attachment":"scroll","background-type":"","background-media":"","overlay-type":"","overlay-color":"","overlay-gradient":""},"tablet":{"background-color":"","background-image":"","background-repeat":"repeat","background-position":"center center","background-size":"auto","background-attachment":"scroll","background-type":"","background-media":"","overlay-type":"","overlay-color":"","overlay-gradient":""},"mobile":{"background-color":"","background-image":"","background-repeat":"repeat","background-position":"center center","background-size":"auto","background-attachment":"scroll","background-type":"","background-media":"","overlay-type":"","overlay-color":"","overlay-gradient":""}},"ast-content-background-meta":{"desktop":{"background-color":"var(--ast-global-color-5)","background-image":"","background-repeat":"repeat","background-position":"center center","background-size":"auto","background-attachment":"scroll","background-type":"","background-media":"","overlay-type":"","overlay-color":"","overlay-gradient":""},"tablet":{"background-color":"var(--ast-global-color-5)","background-image":"","background-repeat":"repeat","background-position":"center center","background-size":"auto","background-attachment":"scroll","background-type":"","background-media":"","overlay-type":"","overlay-color":"","overlay-gradient":""},"mobile":{"background-color":"var(--ast-global-color-5)","background-image":"","background-repeat":"repeat","background-position":"center center","background-size":"auto","background-attachment":"scroll","background-type":"","background-media":"","overlay-type":"","overlay-color":"","overlay-gradient":""}},"footnotes":""},"_links":{"self":[{"href":"https:\/\/sp17.pl\/index.php?rest_route=\/wp\/v2\/pages\/3029"}],"collection":[{"href":"https:\/\/sp17.pl\/index.php?rest_route=\/wp\/v2\/pages"}],"about":[{"href":"https:\/\/sp17.pl\/index.php?rest_route=\/wp\/v2\/types\/page"}],"author":[{"embeddable":true,"href":"https:\/\/sp17.pl\/index.php?rest_route=\/wp\/v2\/users\/1"}],"replies":[{"embeddable":true,"href":"https:\/\/sp17.pl\/index.php?rest_route=%2Fwp%2Fv2%2Fcomments&post=3029"}],"version-history":[{"count":24,"href":"https:\/\/sp17.pl\/index.php?rest_route=\/wp\/v2\/pages\/3029\/revisions"}],"predecessor-version":[{"id":11927,"href":"https:\/\/sp17.pl\/index.php?rest_route=\/wp\/v2\/pages\/3029\/revisions\/11927"}],"wp:attachment":[{"href":"https:\/\/sp17.pl\/index.php?rest_route=%2Fwp%2Fv2%2Fmedia&parent=3029"}],"curies":[{"name":"wp","href":"https:\/\/api.w.org\/{rel}","templated":true}]}}