{"id":597,"date":"2019-11-12T17:52:22","date_gmt":"2019-11-12T16:52:22","guid":{"rendered":"https:\/\/sp17.pl\/?page_id=597"},"modified":"2024-01-09T16:59:04","modified_gmt":"2024-01-09T15:59:04","slug":"troche-historii","status":"publish","type":"page","link":"https:\/\/sp17.pl\/?page_id=597","title":{"rendered":"Troch\u0119 historii"},"content":{"rendered":"\t\t<div data-elementor-type=\"wp-page\" data-elementor-id=\"597\" class=\"elementor elementor-597\" data-elementor-settings=\"[]\">\n\t\t\t\t\t\t<div class=\"elementor-inner\">\n\t\t\t\t\t\t\t<div class=\"elementor-section-wrap\">\n\t\t\t\t\t\t\t<section class=\"elementor-section elementor-top-section elementor-element elementor-element-14c3fb8f elementor-section-boxed elementor-section-height-default elementor-section-height-default\" data-id=\"14c3fb8f\" data-element_type=\"section\">\n\t\t\t\t\t\t<div class=\"elementor-container elementor-column-gap-default\">\n\t\t\t\t\t\t\t<div class=\"elementor-row\">\n\t\t\t\t\t<div class=\"elementor-column elementor-col-100 elementor-top-column elementor-element elementor-element-25957a70\" data-id=\"25957a70\" data-element_type=\"column\">\n\t\t\t<div class=\"elementor-column-wrap elementor-element-populated\">\n\t\t\t\t\t\t\t<div class=\"elementor-widget-wrap\">\n\t\t\t\t\t\t<div class=\"elementor-element elementor-element-9613784 elementor-widget elementor-widget-heading\" data-id=\"9613784\" data-element_type=\"widget\" data-widget_type=\"heading.default\">\n\t\t\t\t<div class=\"elementor-widget-container\">\n\t\t\t<h2 class=\"elementor-heading-title elementor-size-default\"><h2 style=\"font-style: normal; white-space-collapse: collapse;\">Historia&nbsp;Szko\u0142y<\/h2><\/h2>\t\t<\/div>\n\t\t\t\t<\/div>\n\t\t\t\t<div class=\"elementor-element elementor-element-ec15ab1 elementor-widget elementor-widget-text-editor\" data-id=\"ec15ab1\" data-element_type=\"widget\" data-widget_type=\"text-editor.default\">\n\t\t\t\t<div class=\"elementor-widget-container\">\n\t\t\t\t\t<div class=\"elementor-text-editor elementor-clearfix\"><p style=\"text-indent: 5%;\"><strong>Szko\u0142a Podstawowa Nr 17<\/strong> rozpocz\u0119\u0142a swoj\u0105 dzia\u0142alno\u015b\u0107 1 wrze\u015bnia 1964 r. Otrzyma\u0142a w\u00f3wczas imi\u0119 XX- lecia PRL, kt\u00f3re nosi\u0142a przez siedemna\u015bcie lat.<br \/>W 1981 r. zapad\u0142a decyzja o zmianie patrona szko\u0142y, kt\u00f3rym zosta\u0142 gen. W\u0142adys\u0142aw Sikorski, wielki Polak i patriota. W 2003 r. nasza plac\u00f3wka zosta\u0142a po\u0142\u0105czona<br \/>z Miejskim Przedszkolem Nr 9 oraz Miejskim Przedszkolem Nr 30, w Zesp\u00f3\u0142 Edukacyjny Nr 2. Szko\u0142a by\u0142a zawsze m\u0142oda duchem, t\u0119tni\u0142o w niej \u017cycie. Pr\u0119\u017cnie dzia\u0142a\u0142y organizacje: ZHP, LOP, TPPR, PCK. Ogromne sukcesy odnosi\u0142 ch\u00f3r szkolny. Do historii przesz\u0142o dwukrotne zwyci\u0119stwo w turnieju szk\u00f3\u0142 zwane \u201eKlas\u00f3wk\u0105\u201d.<br \/>W roku 2003 otrzymali\u015bmy tytu\u0142 \u201eSzko\u0142a z klas\u0105\u201d, a w 2005 r. \u201eSzko\u0142a jak Przyjaciel\u201d. Nasi uczniowie godnie reprezentowali SP 17 we wszystkich konkursach przedmiotowych. Wielu by\u0142o laureat\u00f3w szczebla wojew\u00f3dzkiego. R\u00f3wnie\u017c tradycj\u0105 sta\u0142y si\u0119 sukcesy sportowe reprezentacji naszej szko\u0142y, a od kilku lat r\u00f3wnie\u017c<br \/>w dziedzinie grafiki komputerowej. Obecnie nasi uczniowie mog\u0105 poszerza\u0107 swoj\u0105 wiedz\u0119 i rozwija\u0107 zainteresowania na zaj\u0119ciach wielu k\u00f3\u0142ek. Nie zapominamy te\u017c<br \/>o rozrywce. Tak, jak przed laty, nadal odbywaj\u0105 si\u0119 zabawy, bale, dyskoteki<br \/>oraz kiermasze. Uczniowie poznaj\u0105 uroki naszego kraju podczas wyjazd\u00f3w na wycieczki i zielone szko\u0142y. Sukcesy szko\u0142a zawdzi\u0119cza zaanga\u017cowaniu nauczycieli, uczni\u00f3w i ich rodzic\u00f3w oraz odpowiedzialnej pracy dyrekcji.<\/p>\n<p><strong>Film nagrany z okazji 50-lecia szko\u0142y:<\/strong><\/p><\/div>\n\t\t\t\t<\/div>\n\t\t\t\t<\/div>\n\t\t\t\t<div class=\"elementor-element elementor-element-1507e61 elementor-align-left elementor-mobile-align-center elementor-widget elementor-widget-button\" data-id=\"1507e61\" data-element_type=\"widget\" data-widget_type=\"button.default\">\n\t\t\t\t<div class=\"elementor-widget-container\">\n\t\t\t\t\t<div class=\"elementor-button-wrapper\">\n\t\t\t<a href=\"https:\/\/www.youtube.com\/watch?v=Szpcw0QAgbo&#038;feature=youtu.be\" class=\"elementor-button-link elementor-button elementor-size-md\" role=\"button\">\n\t\t\t\t\t\t<span class=\"elementor-button-content-wrapper\">\n\t\t\t\t\t\t<span class=\"elementor-button-text\">Obejrzyj<\/span>\n\t\t<\/span>\n\t\t\t\t\t<\/a>\n\t\t<\/div>\n\t\t\t\t<\/div>\n\t\t\t\t<\/div>\n\t\t\t\t<div class=\"elementor-element elementor-element-d36a6e6 elementor-widget elementor-widget-heading\" data-id=\"d36a6e6\" data-element_type=\"widget\" data-widget_type=\"heading.default\">\n\t\t\t\t<div class=\"elementor-widget-container\">\n\t\t\t<h2 class=\"elementor-heading-title elementor-size-default\"><br><h2 style=\"font-style: normal; white-space-collapse: collapse;\">SZKOLNY HYMN<\/h2><\/h2>\t\t<\/div>\n\t\t\t\t<\/div>\n\t\t\t\t<div class=\"elementor-element elementor-element-9909dcf elementor-widget elementor-widget-text-editor\" data-id=\"9909dcf\" data-element_type=\"widget\" data-widget_type=\"text-editor.default\">\n\t\t\t\t<div class=\"elementor-widget-container\">\n\t\t\t\t\t<div class=\"elementor-text-editor elementor-clearfix\"><p><strong>S\u0142owa:<\/strong> Longin Gu\u015bciora &#8211; by\u0142y dyrektor naszej szko\u0142y<br \/><br \/><strong>Muzyka:<\/strong> Barbara \u015awierczyna &#8211; by\u0142y nauczyciel muzyki w naszej szkole<br \/><br \/><\/p>\n<p>GDY KRAJ NASZ BY\u0141 W NIEWOLI<br \/>I NIE MIA\u0141O BY\u0106 JU\u017b POLSKI<br \/>BY\u0141 \u017bO\u0141NIERZEM W JEJ OBRONIE<br \/>GENERA\u0141 SIKORSKI.<\/p>\n<p>CHCIA\u0141 ON POLSKI SPRAWIEDLIWEJ<br \/>DU\u017bO W\u0141O\u017bY\u0141 TRUDU, TROSKI.<br \/>MY B\u0118DZIEMY JAK GENERA\u0141<br \/>UCZY\u0106 SI\u0118 I \u017bY\u0106 DLA POLSKI.<\/p><\/div>\n\t\t\t\t<\/div>\n\t\t\t\t<\/div>\n\t\t\t\t<div class=\"elementor-element elementor-element-62cd741 elementor-widget elementor-widget-heading\" data-id=\"62cd741\" data-element_type=\"widget\" data-widget_type=\"heading.default\">\n\t\t\t\t<div class=\"elementor-widget-container\">\n\t\t\t<h2 class=\"elementor-heading-title elementor-size-default\"><br><h2 style=\"font-style: normal; white-space-collapse: collapse;\">PATRON SZKO\u0141Y<\/h2><\/h2>\t\t<\/div>\n\t\t\t\t<\/div>\n\t\t\t\t<div class=\"elementor-element elementor-element-edafa23 elementor-widget elementor-widget-text-editor\" data-id=\"edafa23\" data-element_type=\"widget\" data-widget_type=\"text-editor.default\">\n\t\t\t\t<div class=\"elementor-widget-container\">\n\t\t\t\t\t<div class=\"elementor-text-editor elementor-clearfix\"><p style=\"text-indent: 5%;\"><strong>W\u0142adys\u0142aw Eugeniusz Sikorski<\/strong> (urodzony 20. 05. 1881 roku w Tuszowie Narodowym, zmar\u0142y 04.07. 1943 roku na Gibraltarze) &#8211; polski wojskowy i polityk, genera\u0142 broni Wojska Polskiego, Naczelny W\u00f3dz Polskich Si\u0142 Zbrojnych, premier Rz\u0105du na Uchod\u017astwie podczas II wojny \u015bwiatowej. Przed I wojn\u0105 \u015bwiatow\u0105 by\u0142 jednym ze wsp\u00f3\u0142za\u0142o\u017cycieli i cz\u0142onk\u00f3w kilku nielegalnych polskich organizacji niepodleg\u0142o\u015bciowych. Walczy\u0142 w Legionach Polskich w trakcie I wojny \u015bwiatowej, potem w nowo utworzonej armii polskiej podczas wojny polsko-bolszewickiej (1919\u20131921). Odegra\u0142 w niej pewn\u0105 rol\u0119, zw\u0142aszcza podczas bitwy warszawskiej<br \/>w 1920.<p style=\"text-indent: 5%;\">W pierwszych latach II Rzeczypospolitej Sikorski pe\u0142ni\u0142 wa\u017cne funkcje rz\u0105dowe, w\u0142\u0105czaj\u0105c w to stanowisko premiera (1922\u20131923) i ministra spraw wojskowych (1923\u20131924). Wkr\u00f3tce potem jednak, po przewrocie majowym J\u00f3zefa Pi\u0142sudskiego w 1926 roku zosta\u0142 odsuni\u0119ty od pe\u0142nienia eksponowanych stanowisk. Pozostawa\u0142 w opozycji do rz\u0105d\u00f3w sanacji. W tym czasie napisa\u0142 kilka ksi\u0105\u017cek dotycz\u0105cych sztuki wojennej, stosunk\u00f3w mi\u0119dzynarodowych pa\u0144stwa polskiego.<br \/><p style=\"text-indent: 5%;\">W trakcie II wojny \u015bwiatowej zosta\u0142 premierem rz\u0105du RP na uchod\u017astwie, Naczelnym Wodzem Polskich Si\u0142 Zbrojnych i adwokatem sprawy polskiej na europejskiej i \u015bwiatowej scenie dyplomatycznej. By\u0142 zwolennikiem ponownego nawi\u0105zania stosunk\u00f3w dyplomatycznych pomi\u0119dzy Polsk\u0105 i ZSRR, kt\u00f3re zosta\u0142y zerwane po wsp\u00f3lnej z Niemcami inwazji Zwi\u0105zku Radzieckiego na Polsk\u0119 w 1939. Jednak w kwietniu 1943 Stalin ponownie zerwa\u0142 stosunki dyplomatyczne z polskim rz\u0105dem na uchod\u017astwie. Zosta\u0142o to spowodowane przez \u017c\u0105danie Sikorskiego, aby Mi\u0119dzynarodowy Czerwony Krzy\u017c zbada\u0142 spraw\u0119 zbrodni katy\u0144skiej. U\u0142atwi\u0142o mu to utworzenie marionetkowego rz\u0105du w oparciu o tzw. Zwi\u0105zek Patriot\u00f3w Polskich. W\u0142adys\u0142aw Sikorski zgin\u0105\u0142 04. 07.1943 w katastrofie samolotu, kt\u00f3ry rozbi\u0142 si\u0119 zaraz po starcie z lotniska na Gibraltarze. Wed\u0142ug oficjalnych ustale\u0144, katastrofa nast\u0105pi\u0142a z przyczyn technicznych, lecz cz\u0119\u015b\u0107 okoliczno\u015bci zdarzenia pozostaje niewyja\u015bniona, co sprawia, \u017ce pojawi\u0142o si\u0119 kilka niepotwierdzonych teorii dotycz\u0105cych rzekomego celowego spowodowania \u015bmierci Sikorskiego.<br \/><span style=\"background-color: var(--ast-global-color-5); color: var( --e-global-color-text ); font-family: var( --e-global-typography-text-font-family ); font-weight: inherit;\"><br \/><i>\u017ar\u00f3d\u0142o: www.wikipedia.org<\/i><\/span><\/p><\/div>\n\t\t\t\t<\/div>\n\t\t\t\t<\/div>\n\t\t\t\t<div class=\"elementor-element elementor-element-510bc7b elementor-widget elementor-widget-text-editor\" data-id=\"510bc7b\" data-element_type=\"widget\" data-widget_type=\"text-editor.default\">\n\t\t\t\t<div class=\"elementor-widget-container\">\n\t\t\t\t\t<div class=\"elementor-text-editor elementor-clearfix\"><p style=\"text-indent: 5%;\">Szko\u0142a Podstawowa nr 17 od wielu lat wsp\u00f3\u0142pracowa\u0142a z s\u0105siaduj\u0105cymi z ni\u0105 plac\u00f3wkami o\u015bwiatowymi. Od 2003 roku owocem tej przyja\u017ani jest wsp\u00f3lna dzia\u0142alno\u015b\u0107 Zespo\u0142u Edukacyjnego nr 2, w kt\u00f3rego sk\u0142ad wchodz\u0105:<br \/><br \/><strong>Szko\u0142a Podstawowa nr 17<\/strong> \u2013 ul. Staffa 10,<br \/><strong>Miejskie Przedszkole nr 9<\/strong> \u2013 ul. Partyzant\u00f3w 22,<br \/><strong>Miejskie Przedszkole nr 30<\/strong> \u2013 ul. Tuwima 3.<\/p>\n<p style=\"text-indent: 5%;\">Dzi\u0119ki po\u0142\u0105czeniu plac\u00f3wek powsta\u0142o wiele wsp\u00f3lnych dzie\u0142. Nale\u017c\u0105 do nich, mi\u0119dzy innymi: coroczne spotkania uczni\u00f3w z przedszkolakami pod has\u0142em \u201ePos\u0142uchajcie, poczytamy Wam\u201d, udzia\u0142 przedszkolak\u00f3w i uczni\u00f3w w organizowanych festynach, lekcje pokazowe dla przysz\u0142ych uczni\u00f3w, zaj\u0119cia plastyczne dla przedszkolak\u00f3w, wsp\u00f3lna organizacja miejskiej gali z okazji Dnia Babci i Dziadka.<br \/><p style=\"text-indent: 5%;\">W naszej szkole ucz\u0105 si\u0119 r\u00f3wnie\u017c dzieci z orzeczeniami o potrzebie kszta\u0142cenia specjalnego. Obecnie posiadamy klas\u0119 integracyjn\u0105, na ka\u017cdym poziomie kszta\u0142cenia.<\/p><\/div>\n\t\t\t\t<\/div>\n\t\t\t\t<\/div>\n\t\t\t\t\t\t<\/div>\n\t\t\t\t\t<\/div>\n\t\t<\/div>\n\t\t\t\t\t\t\t\t<\/div>\n\t\t\t\t\t<\/div>\n\t\t<\/section>\n\t\t\t\t\t\t<\/div>\n\t\t\t\t\t\t<\/div>\n\t\t\t\t\t<\/div>\n\t\t","protected":false},"excerpt":{"rendered":"<p>Historia&nbsp;Szko\u0142y Szko\u0142a Podstawowa Nr 17 rozpocz\u0119\u0142a swoj\u0105 dzia\u0142alno\u015b\u0107 1 wrze\u015bnia 1964 r. Otrzyma\u0142a w\u00f3wczas imi\u0119 XX- lecia PRL, kt\u00f3re nosi\u0142a przez siedemna\u015bcie lat.W 1981 r. zapad\u0142a decyzja o zmianie patrona szko\u0142y, kt\u00f3rym zosta\u0142 gen. W\u0142adys\u0142aw Sikorski, wielki Polak i patriota. W 2003 r. nasza plac\u00f3wka zosta\u0142a po\u0142\u0105czonaz Miejskim Przedszkolem Nr 9 oraz Miejskim Przedszkolem Nr &hellip;<\/p>\n<p class=\"read-more\"> <a class=\"\" href=\"https:\/\/sp17.pl\/?page_id=597\"> <span class=\"screen-reader-text\">Troch\u0119 historii<\/span> Czytaj wi\u0119cej<\/a><\/p>\n","protected":false},"author":1,"featured_media":9667,"parent":0,"menu_order":0,"comment_status":"closed","ping_status":"closed","template":"","meta":{"ngg_post_thumbnail":0,"site-sidebar-layout":"default","site-content-layout":"","ast-site-content-layout":"","site-content-style":"default","site-sidebar-style":"default","ast-global-header-display":"","ast-banner-title-visibility":"","ast-main-header-display":"","ast-hfb-above-header-display":"","ast-hfb-below-header-display":"","ast-hfb-mobile-header-display":"","site-post-title":"","ast-breadcrumbs-content":"","ast-featured-img":"","footer-sml-layout":"","theme-transparent-header-meta":"","adv-header-id-meta":"","stick-header-meta":"","header-above-stick-meta":"","header-main-stick-meta":"","header-below-stick-meta":"","astra-migrate-meta-layouts":"default","ast-page-background-enabled":"default","ast-page-background-meta":{"desktop":{"background-color":"var(--ast-global-color-4)","background-image":"","background-repeat":"repeat","background-position":"center center","background-size":"auto","background-attachment":"scroll","background-type":"","background-media":"","overlay-type":"","overlay-color":"","overlay-gradient":""},"tablet":{"background-color":"","background-image":"","background-repeat":"repeat","background-position":"center center","background-size":"auto","background-attachment":"scroll","background-type":"","background-media":"","overlay-type":"","overlay-color":"","overlay-gradient":""},"mobile":{"background-color":"","background-image":"","background-repeat":"repeat","background-position":"center center","background-size":"auto","background-attachment":"scroll","background-type":"","background-media":"","overlay-type":"","overlay-color":"","overlay-gradient":""}},"ast-content-background-meta":{"desktop":{"background-color":"var(--ast-global-color-5)","background-image":"","background-repeat":"repeat","background-position":"center center","background-size":"auto","background-attachment":"scroll","background-type":"","background-media":"","overlay-type":"","overlay-color":"","overlay-gradient":""},"tablet":{"background-color":"var(--ast-global-color-5)","background-image":"","background-repeat":"repeat","background-position":"center center","background-size":"auto","background-attachment":"scroll","background-type":"","background-media":"","overlay-type":"","overlay-color":"","overlay-gradient":""},"mobile":{"background-color":"var(--ast-global-color-5)","background-image":"","background-repeat":"repeat","background-position":"center center","background-size":"auto","background-attachment":"scroll","background-type":"","background-media":"","overlay-type":"","overlay-color":"","overlay-gradient":""}},"footnotes":""},"_links":{"self":[{"href":"https:\/\/sp17.pl\/index.php?rest_route=\/wp\/v2\/pages\/597"}],"collection":[{"href":"https:\/\/sp17.pl\/index.php?rest_route=\/wp\/v2\/pages"}],"about":[{"href":"https:\/\/sp17.pl\/index.php?rest_route=\/wp\/v2\/types\/page"}],"author":[{"embeddable":true,"href":"https:\/\/sp17.pl\/index.php?rest_route=\/wp\/v2\/users\/1"}],"replies":[{"embeddable":true,"href":"https:\/\/sp17.pl\/index.php?rest_route=%2Fwp%2Fv2%2Fcomments&post=597"}],"version-history":[{"count":10,"href":"https:\/\/sp17.pl\/index.php?rest_route=\/wp\/v2\/pages\/597\/revisions"}],"predecessor-version":[{"id":9657,"href":"https:\/\/sp17.pl\/index.php?rest_route=\/wp\/v2\/pages\/597\/revisions\/9657"}],"wp:featuredmedia":[{"embeddable":true,"href":"https:\/\/sp17.pl\/index.php?rest_route=\/wp\/v2\/media\/9667"}],"wp:attachment":[{"href":"https:\/\/sp17.pl\/index.php?rest_route=%2Fwp%2Fv2%2Fmedia&parent=597"}],"curies":[{"name":"wp","href":"https:\/\/api.w.org\/{rel}","templated":true}]}}